{"id":981,"date":"2017-05-18T13:59:28","date_gmt":"2017-05-18T12:59:28","guid":{"rendered":"http:\/\/pouchou.fr\/op-het-terrein\/"},"modified":"2026-01-07T11:41:14","modified_gmt":"2026-01-07T10:41:14","slug":"das-gelaende","status":"publish","type":"page","link":"https:\/\/pouchou.fr\/de\/die-wohnungen\/das-gelaende\/","title":{"rendered":"Das Gel\u00e4nde"},"content":{"rendered":"","protected":false},"excerpt":{"rendered":"<p>Pouchou ist der Name der Dom\u00e4e worauf neben den zwei Ferienh\u00e4usern auch unsere Wonung liegt. <a href=\"https:\/\/pouchou.fr\/de\/die-wohnungen\/das-gelaende\/\" class=\"page_readmore\">Lees verder&nbsp;&raquo;<\/a><\/p>\n<p>Auf dem Gel\u00e4nde befindet sich das Pool (beheizt, wenn n\u00f6tig, im Mitte- und Hochsaison) welches Sie zusammen mit den andere G\u00e4sten nutzen k\u00f6nnen. Es ist ein sch\u00f6ner Ort mit bezaubernder Blick auf das Tal, wo Sie von ein gutes Buch und ein Bad im Wasser genie\u00dfen k\u00f6nnen. Wie Gott in Frankreich. <a href=\"https:\/\/pouchou.fr\/de\/die-wohnungen\/das-gelaende\/\" class=\"page_readmore\">Lees verder&nbsp;&raquo;<\/a><\/p>\n","protected":false},"author":1,"featured_media":0,"parent":984,"menu_order":4,"comment_status":"closed","ping_status":"closed","template":"page_fotogalerij.php","meta":{"footnotes":""},"class_list":["post-981","page","type-page","status-publish","hentry"],"_links":{"self":[{"href":"https:\/\/pouchou.fr\/de\/wp-json\/wp\/v2\/pages\/981","targetHints":{"allow":["GET"]}}],"collection":[{"href":"https:\/\/pouchou.fr\/de\/wp-json\/wp\/v2\/pages"}],"about":[{"href":"https:\/\/pouchou.fr\/de\/wp-json\/wp\/v2\/types\/page"}],"author":[{"embeddable":true,"href":"https:\/\/pouchou.fr\/de\/wp-json\/wp\/v2\/users\/1"}],"replies":[{"embeddable":true,"href":"https:\/\/pouchou.fr\/de\/wp-json\/wp\/v2\/comments?post=981"}],"version-history":[{"count":18,"href":"https:\/\/pouchou.fr\/de\/wp-json\/wp\/v2\/pages\/981\/revisions"}],"predecessor-version":[{"id":3048,"href":"https:\/\/pouchou.fr\/de\/wp-json\/wp\/v2\/pages\/981\/revisions\/3048"}],"up":[{"embeddable":true,"href":"https:\/\/pouchou.fr\/de\/wp-json\/wp\/v2\/pages\/984"}],"wp:attachment":[{"href":"https:\/\/pouchou.fr\/de\/wp-json\/wp\/v2\/media?parent=981"}],"curies":[{"name":"wp","href":"https:\/\/api.w.org\/{rel}","templated":true}]}}